{"id":18992,"date":"2026-03-07T15:48:22","date_gmt":"2026-03-07T14:48:22","guid":{"rendered":"https:\/\/www.livresentre2actions.fr\/?post_type=product&#038;p=18992"},"modified":"2026-03-07T15:48:25","modified_gmt":"2026-03-07T14:48:25","slug":"discours-prononces-aux-funerailles-de-auguste-potie","status":"publish","type":"product","link":"https:\/\/www.livresentre2actions.fr\/fr_fr\/produit\/discours-prononces-aux-funerailles-de-auguste-potie\/","title":{"rendered":"Discours prononc\u00e9s aux fun\u00e9railles de Auguste Poti\u00e9"},"content":{"rendered":"<p>Discours prononc\u00e9s aux fun\u00e9railles de Auguste Poti\u00e9. S\u00e9nateur du Nord. 1858-1939, le 21 octobre 1939<br \/>\nImprimerie E. Richard, Haubourdin &#8211; Broch\u00e9, 246 x 188, 34p. 1939. Comprend 7 discours par\u00a0: Ed. Roussel\u00a0; M. Grau\u00a0; M. Thellier de Poncheville\u00a0; F. D\u00f4\u00a0; M. Merchier\u00a0; F. Carles.\u00a0; et M. A. Fauchille. Suivi de l\u2019\u00e9loge fun\u00e8bre prononc\u00e9 par M. Jeanneney, pr\u00e9sident du S\u00e9nat \u00e0 l\u2019ouverture de la s\u00e9ance du 30 novembre 1939. exemplaire propre, avec rousseurs, surtout en d\u00e9but et fonde volume. Couvertures propres et int\u00e8gres.<\/p>\n","protected":false},"excerpt":{"rendered":"<p>Discours prononc\u00e9s aux fun\u00e9railles de Auguste Poti\u00e9. S\u00e9nateur du Nord. 1858-1939, le 21 octobre 1939 Imprimerie E. Richard, Haubourdin &#8211; Broch\u00e9, 246 x 188, 34p. 1939. Comprend 7 discours par\u00a0: Ed. Roussel\u00a0; M. Grau\u00a0; M. Thellier de Poncheville\u00a0; F. D\u00f4\u00a0; M. Merchier\u00a0; F. Carles.\u00a0; et M. A. Fauchille. Suivi de l\u2019\u00e9loge fun\u00e8bre prononc\u00e9 par M. &#8230; <a title=\"Discours prononc\u00e9s aux fun\u00e9railles de Auguste Poti\u00e9\" class=\"read-more\" href=\"https:\/\/www.livresentre2actions.fr\/fr_fr\/produit\/discours-prononces-aux-funerailles-de-auguste-potie\/\" aria-label=\"En savoir plus sur Discours prononc\u00e9s aux fun\u00e9railles de Auguste Poti\u00e9\">Lire plus<\/a><\/p>\n","protected":false},"featured_media":18993,"template":"","meta":{"_eb_attr":""},"product_brand":[],"product_cat":[37,71,81,73],"product_tag":[],"class_list":{"0":"post-18992","1":"product","2":"type-product","3":"status-publish","4":"has-post-thumbnail","6":"product_cat-a-partir-du-xxeme-siecle","7":"product_cat-illustres-modernes-editions-originales-signees-numerotees","8":"product_cat-hauts-de-france","9":"product_cat-histoires-et-recits-de-voyage","10":"sales-flash-overlay","11":"woocommerce-text-align-center","12":"woocommerce-image-align-center","13":"wc-has-gallery","15":"first","16":"instock","17":"taxable","18":"shipping-taxable","19":"purchasable","20":"product-type-simple"},"aioseo_notices":[],"_links":{"self":[{"href":"https:\/\/www.livresentre2actions.fr\/fr_fr\/wp-json\/wp\/v2\/product\/18992","targetHints":{"allow":["GET"]}}],"collection":[{"href":"https:\/\/www.livresentre2actions.fr\/fr_fr\/wp-json\/wp\/v2\/product"}],"about":[{"href":"https:\/\/www.livresentre2actions.fr\/fr_fr\/wp-json\/wp\/v2\/types\/product"}],"wp:featuredmedia":[{"embeddable":true,"href":"https:\/\/www.livresentre2actions.fr\/fr_fr\/wp-json\/wp\/v2\/media\/18993"}],"wp:attachment":[{"href":"https:\/\/www.livresentre2actions.fr\/fr_fr\/wp-json\/wp\/v2\/media?parent=18992"}],"wp:term":[{"taxonomy":"product_brand","embeddable":true,"href":"https:\/\/www.livresentre2actions.fr\/fr_fr\/wp-json\/wp\/v2\/product_brand?post=18992"},{"taxonomy":"product_cat","embeddable":true,"href":"https:\/\/www.livresentre2actions.fr\/fr_fr\/wp-json\/wp\/v2\/product_cat?post=18992"},{"taxonomy":"product_tag","embeddable":true,"href":"https:\/\/www.livresentre2actions.fr\/fr_fr\/wp-json\/wp\/v2\/product_tag?post=18992"}],"curies":[{"name":"wp","href":"https:\/\/api.w.org\/{rel}","templated":true}]}}