{"id":10048,"date":"2025-01-07T16:52:37","date_gmt":"2025-01-07T15:52:37","guid":{"rendered":"https:\/\/www.livresentre2actions.fr\/?post_type=product&#038;p=10048"},"modified":"2025-10-14T14:21:38","modified_gmt":"2025-10-14T12:21:38","slug":"dans-le-sillage-dulysse-album-odysseen","status":"publish","type":"product","link":"https:\/\/www.livresentre2actions.fr\/en\/product\/dans-le-sillage-dulysse-album-odysseen\/","title":{"rendered":"Dans le sillage d&rsquo;Ulysse. Album odyss\u00e9en"},"content":{"rendered":"<p>Victor B\u00e9rard &#8211; Librairie Armand Colin<\/p>\n<p>Broch\u00e9 \u00e0 couvertures rempli\u00e9es, 263 x 225, non pagin\u00e9. 1933. Edition originale, enrichie d\u2019un envoi de l\u2019h\u00e9ll\u00e9niste et arch\u00e9ologue Jean B\u00e9rard, fils de l\u2019auteur, en page de garde. Photographies de Fred. Boissonnas. Avec 165 photos en noir et blanc. Bien complet de sa carte d\u00e9pliante in fine, int\u00e8gre. Int\u00e9rieur propre et int\u00e8gre, une trace grise en pied de page de garde. Couvertures et dos l\u00e9g\u00e8rement insol\u00e9s, quelques frottements en bordure de dos, sinon propres, int\u00e8gres. Bel exemplaire bien ferme. H\u00e9ll\u00e9niste et homme politique fran\u00e7ais, Victor B\u00e9rard a traduit L\u2019Odyss\u00e9e, et entreprit une reconstitution des voyages d\u2019Ulysse. Photographie suisse, Fr\u00e9d\u00e9ric Boissonnas est connu pour ses vues d\u2019architecture, paysages, ses portraits de personnalit\u00e9s\u00a0; il aura son propre pavillon lors de l\u2019Exposition nationale suisse de 1896.<\/p>\n<p>Nous joignons\u00a0: G\u00e9ographie de l\u2019Odyss\u00e9e \u2013 La Ph\u00e9acie, de A. rousseau \u2013 Liessens, avec envoi de l\u2019auteur \u00e9galement.<\/p>","protected":false},"excerpt":{"rendered":"<p>Victor B\u00e9rard &#8211; Librairie Armand Colin Broch\u00e9 \u00e0 couvertures rempli\u00e9es, 263 x 225, non pagin\u00e9. 1933. Edition originale, enrichie d\u2019un envoi de l\u2019h\u00e9ll\u00e9niste et arch\u00e9ologue Jean B\u00e9rard, fils de l\u2019auteur, en page de garde. Photographies de Fred. Boissonnas. Avec 165 photos en noir et blanc. Bien complet de sa carte d\u00e9pliante in fine, int\u00e8gre. Int\u00e9rieur &#8230; <a title=\"Dans le sillage d&rsquo;Ulysse. Album odyss\u00e9en\" class=\"read-more\" href=\"https:\/\/www.livresentre2actions.fr\/en\/product\/dans-le-sillage-dulysse-album-odysseen\/\" aria-label=\"Read more about Dans le sillage d&rsquo;Ulysse. Album odyss\u00e9en\">Read more<\/a><\/p>","protected":false},"featured_media":10049,"template":"","meta":{"_eb_attr":""},"product_brand":[],"product_cat":[37,75,71,76],"product_tag":[],"class_list":{"0":"post-10048","1":"product","2":"type-product","3":"status-publish","4":"has-post-thumbnail","6":"product_cat-a-partir-du-xxeme-siecle","7":"product_cat-art","8":"product_cat-illustres-modernes-editions-originales-signees-numerotees","9":"product_cat-poesie-theatre-prose","10":"sales-flash-overlay","11":"woocommerce-text-align-center","12":"woocommerce-image-align-center","13":"wc-has-gallery","15":"first","16":"outofstock","17":"taxable","18":"shipping-taxable","19":"purchasable","20":"product-type-simple"},"aioseo_notices":[],"_links":{"self":[{"href":"https:\/\/www.livresentre2actions.fr\/en\/wp-json\/wp\/v2\/product\/10048","targetHints":{"allow":["GET"]}}],"collection":[{"href":"https:\/\/www.livresentre2actions.fr\/en\/wp-json\/wp\/v2\/product"}],"about":[{"href":"https:\/\/www.livresentre2actions.fr\/en\/wp-json\/wp\/v2\/types\/product"}],"wp:featuredmedia":[{"embeddable":true,"href":"https:\/\/www.livresentre2actions.fr\/en\/wp-json\/wp\/v2\/media\/10049"}],"wp:attachment":[{"href":"https:\/\/www.livresentre2actions.fr\/en\/wp-json\/wp\/v2\/media?parent=10048"}],"wp:term":[{"taxonomy":"product_brand","embeddable":true,"href":"https:\/\/www.livresentre2actions.fr\/en\/wp-json\/wp\/v2\/product_brand?post=10048"},{"taxonomy":"product_cat","embeddable":true,"href":"https:\/\/www.livresentre2actions.fr\/en\/wp-json\/wp\/v2\/product_cat?post=10048"},{"taxonomy":"product_tag","embeddable":true,"href":"https:\/\/www.livresentre2actions.fr\/en\/wp-json\/wp\/v2\/product_tag?post=10048"}],"curies":[{"name":"wp","href":"https:\/\/api.w.org\/{rel}","templated":true}]}}